{"id":1011,"date":"2024-12-16T14:22:50","date_gmt":"2024-12-16T11:22:50","guid":{"rendered":"https:\/\/azu-uffenheim.de\/impressum\/"},"modified":"2024-12-16T14:22:50","modified_gmt":"2024-12-16T11:22:50","slug":"impressum","status":"publish","type":"page","link":"https:\/\/azu-uffenheim.de\/fr\/impressum\/","title":{"rendered":"Impressum"},"content":{"rendered":"\n\n\t<section class=\"section\" id=\"section_538774766\">\n\t\t<div class=\"bg section-bg fill bg-fill  bg-loaded\" >\n\n\t\t\t\n\t\t\t\n\t\t\t\n\n\t\t<\/div>\n\n\t\t\n\n\t\t<div class=\"section-content relative\">\n\t\t\t\n\n<div class=\"row\"  id=\"row-1100462546\">\n\n\n\t<div id=\"col-1164363338\" class=\"col small-12 large-12\"  >\n\t\t\t\t<div class=\"col-inner\"  >\n\t\t\t\n\t\t\t\n\n<h1 style=\"text-align: center;\"><span style=\"color: #00a5de;\">IMPRESSUM<\/span><\/h1>\n<p><strong>AZU \u00c4rztezentrum Uffenheim GmbH<\/strong><br><strong>Krankenhausstra\u00dfe 1a<\/strong><br><strong>97215 Uffenheim<\/strong><\/p>\n<p><strong>Handelsregister:<\/strong> HRB 21361<br>Registergericht: Amtsgericht F\u00fcrth<\/p>\n<p><strong>Vertreten durch:<\/strong><br>Gabriele Dostal (Gesch\u00e4ftsf\u00fchrerin)<\/p>\n<h3><span style=\"color: #00a5de;\">Kontakt<\/span><\/h3>\n<p>Telefon: (09842) 935 520<br>Telefax: (09842) 935 5299<br>E-Mail: verwaltung@azu-uffenheim.de<\/p>\n<h3><span style=\"color: #00a5de;\">Umsatzsteuer-ID<\/span><\/h3>\n<p>Umsatzsteuer-Identifikationsnummer gem\u00e4\u00df \u00a7 27 a Umsatzsteuergesetz:<br>DE442429277<\/p>\n<h3><span style=\"color: #00a5de;\">Aufsichtsbeh\u00f6rde<\/span><\/h3>\n<p>Kassen\u00e4rztliche Vereinigung Bayerns (KVB)<br>80684 M\u00fcnchen<br>Elsenheimerstra\u00dfe 39<br>80687 M\u00fcnchen<br>https:\/\/www.kvb.de\/impressum<\/p>\n<h3><span style=\"color: #00a5de;\">Berufsbezeichnung und berufsrechtliche Regelungen<\/span><\/h3>\n<p><strong>Berufsbezeichnung:<\/strong><br>Arzt<\/p>\n<p><strong>Zust\u00e4ndige Kammer:<\/strong><br>Bayerische Landes\u00e4rztekammer (BL\u00c4K)<\/p>\n<p>K\u00f6rperschaft des \u00f6ffentlichen Rechts<br>M\u00fchlbaurstra\u00dfe 16<br>81677 M\u00fcnchen<\/p>\n<p><strong>Verliehen in:<\/strong><br>Deutschland<\/p>\n<h3><span style=\"color: #00a5de;\">Angaben zur Berufshaftpflichtversicherung<\/span><\/h3>\n<p><strong>Name und Sitz des Versicherers:<\/strong><br>HDI Versicherung AG<br>HDI-Platz 1<br>30659 Hannover<\/p>\n<p><strong>Geltungsraum der Versicherung:<\/strong><br>Deutschland<\/p>\n<h3><span style=\"color: #00a5de;\">Redaktionell verantwortlich<\/span><\/h3>\n<p>Aleksejs Sestakovs<br>Werbung ATL<br>Bahnhofstr. 3<br>97215 Uffenheim<\/p>\n<h3><span style=\"color: #00a5de;\">EU-Streitschlichtung<\/span><\/h3>\n<p>Die Europ\u00e4ische Kommission stellt eine Plattform zur Online-Streitbeilegung (OS) bereit:<br>https:\/\/ec.europa.eu\/consumers\/odr\/.<br>Unsere E-Mail-Adresse finden Sie oben im Impressum.<\/p>\n<h3><span style=\"color: #00a5de;\">Verbraucherstreitbeilegung\/Universalschlichtungsstelle<\/span><\/h3>\n<p>Wir sind nicht bereit oder verpflichtet, an Streitbeilegungsverfahren vor einer<br>Verbraucherschlichtungsstelle teilzunehmen.<span class=\"h3inverse aos-init aos-animate\" style=\"color: #ffffff;\" data-aos=\"fade-left\" data-aos-duration=\"1000\">g<\/span><\/p>\n\n\t\t<\/div>\n\t\t\t\t\t<\/div>\n\n\t\n\n<\/div>\n\n\t\t<\/div>\n\n\t\t\n<style>\n#section_538774766 {\n  padding-top: 30px;\n  padding-bottom: 30px;\n}\n#section_538774766 .ux-shape-divider--top svg {\n  height: 150px;\n  --divider-top-width: 100%;\n}\n#section_538774766 .ux-shape-divider--bottom svg {\n  height: 150px;\n  --divider-width: 100%;\n}\n<\/style>\n\t<\/section>\n\t\n\n","protected":false},"excerpt":{"rendered":"","protected":false},"author":1,"featured_media":0,"parent":0,"menu_order":0,"comment_status":"closed","ping_status":"closed","template":"page-blank.php","meta":{"footnotes":""},"class_list":["post-1011","page","type-page","status-publish","hentry"],"yoast_head":"<!-- This site is optimized with the Yoast SEO plugin v27.4 - https:\/\/yoast.com\/product\/yoast-seo-wordpress\/ -->\n<title>Impressum - azu-uffenheim.de<\/title>\n<meta name=\"robots\" content=\"index, follow, max-snippet:-1, max-image-preview:large, max-video-preview:-1\" \/>\n<link rel=\"canonical\" href=\"https:\/\/azu-uffenheim.de\/impressum\/\" \/>\n<meta property=\"og:locale\" content=\"fr_FR\" \/>\n<meta property=\"og:type\" content=\"article\" \/>\n<meta property=\"og:title\" content=\"Impressum - azu-uffenheim.de\" \/>\n<meta property=\"og:url\" content=\"https:\/\/azu-uffenheim.de\/impressum\/\" \/>\n<meta property=\"og:site_name\" content=\"azu-uffenheim.de\" \/>\n<meta property=\"og:image\" content=\"https:\/\/azu-uffenheim.de\/wp-content\/uploads\/2024\/12\/cropped-favi.png\" \/>\n\t<meta property=\"og:image:width\" content=\"512\" \/>\n\t<meta property=\"og:image:height\" content=\"512\" \/>\n\t<meta property=\"og:image:type\" content=\"image\/png\" \/>\n<meta name=\"twitter:card\" content=\"summary_large_image\" \/>\n<meta name=\"twitter:label1\" content=\"Dur\u00e9e de lecture estim\u00e9e\" \/>\n\t<meta name=\"twitter:data1\" content=\"1 minute\" \/>\n<script type=\"application\/ld+json\" class=\"yoast-schema-graph\">{\"@context\":\"https:\\\/\\\/schema.org\",\"@graph\":[{\"@type\":\"WebPage\",\"@id\":\"https:\\\/\\\/azu-uffenheim.de\\\/impressum\\\/\",\"url\":\"https:\\\/\\\/azu-uffenheim.de\\\/impressum\\\/\",\"name\":\"Impressum - azu-uffenheim.de\",\"isPartOf\":{\"@id\":\"https:\\\/\\\/azu-uffenheim.de\\\/#website\"},\"datePublished\":\"2024-12-16T11:22:50+00:00\",\"breadcrumb\":{\"@id\":\"https:\\\/\\\/azu-uffenheim.de\\\/impressum\\\/#breadcrumb\"},\"inLanguage\":\"fr-FR\",\"potentialAction\":[{\"@type\":\"ReadAction\",\"target\":[\"https:\\\/\\\/azu-uffenheim.de\\\/impressum\\\/\"]}]},{\"@type\":\"BreadcrumbList\",\"@id\":\"https:\\\/\\\/azu-uffenheim.de\\\/impressum\\\/#breadcrumb\",\"itemListElement\":[{\"@type\":\"ListItem\",\"position\":1,\"name\":\"\u0413\u043b\u0430\u0432\u043d\u0430\u044f \u0441\u0442\u0440\u0430\u043d\u0438\u0446\u0430\",\"item\":\"https:\\\/\\\/azu-uffenheim.de\\\/fr\\\/\"},{\"@type\":\"ListItem\",\"position\":2,\"name\":\"Impressum\"}]},{\"@type\":\"WebSite\",\"@id\":\"https:\\\/\\\/azu-uffenheim.de\\\/#website\",\"url\":\"https:\\\/\\\/azu-uffenheim.de\\\/\",\"name\":\"azu-uffenheim.de\",\"description\":\"IHR MEDIZINISCHES  VERSORGUNGSZENTRUM IN UFFENHEIM\",\"publisher\":{\"@id\":\"https:\\\/\\\/azu-uffenheim.de\\\/#organization\"},\"potentialAction\":[{\"@type\":\"SearchAction\",\"target\":{\"@type\":\"EntryPoint\",\"urlTemplate\":\"https:\\\/\\\/azu-uffenheim.de\\\/?s={search_term_string}\"},\"query-input\":{\"@type\":\"PropertyValueSpecification\",\"valueRequired\":true,\"valueName\":\"search_term_string\"}}],\"inLanguage\":\"fr-FR\"},{\"@type\":\"Organization\",\"@id\":\"https:\\\/\\\/azu-uffenheim.de\\\/#organization\",\"name\":\"ZU \u00c4RZTEZENTRUM UFFENHEIM\",\"url\":\"https:\\\/\\\/azu-uffenheim.de\\\/\",\"logo\":{\"@type\":\"ImageObject\",\"inLanguage\":\"fr-FR\",\"@id\":\"https:\\\/\\\/azu-uffenheim.de\\\/#\\\/schema\\\/logo\\\/image\\\/\",\"url\":\"https:\\\/\\\/azu-uffenheim.de\\\/wp-content\\\/uploads\\\/2024\\\/12\\\/AZU_Logo_Farbig.png\",\"contentUrl\":\"https:\\\/\\\/azu-uffenheim.de\\\/wp-content\\\/uploads\\\/2024\\\/12\\\/AZU_Logo_Farbig.png\",\"width\":3143,\"height\":532,\"caption\":\"ZU \u00c4RZTEZENTRUM UFFENHEIM\"},\"image\":{\"@id\":\"https:\\\/\\\/azu-uffenheim.de\\\/#\\\/schema\\\/logo\\\/image\\\/\"}}]}<\/script>\n<!-- \/ Yoast SEO plugin. -->","yoast_head_json":{"title":"Impressum - azu-uffenheim.de","robots":{"index":"index","follow":"follow","max-snippet":"max-snippet:-1","max-image-preview":"max-image-preview:large","max-video-preview":"max-video-preview:-1"},"canonical":"https:\/\/azu-uffenheim.de\/impressum\/","og_locale":"fr_FR","og_type":"article","og_title":"Impressum - azu-uffenheim.de","og_url":"https:\/\/azu-uffenheim.de\/impressum\/","og_site_name":"azu-uffenheim.de","og_image":[{"width":512,"height":512,"url":"https:\/\/azu-uffenheim.de\/wp-content\/uploads\/2024\/12\/cropped-favi.png","type":"image\/png"}],"twitter_card":"summary_large_image","twitter_misc":{"Dur\u00e9e de lecture estim\u00e9e":"1 minute"},"schema":{"@context":"https:\/\/schema.org","@graph":[{"@type":"WebPage","@id":"https:\/\/azu-uffenheim.de\/impressum\/","url":"https:\/\/azu-uffenheim.de\/impressum\/","name":"Impressum - azu-uffenheim.de","isPartOf":{"@id":"https:\/\/azu-uffenheim.de\/#website"},"datePublished":"2024-12-16T11:22:50+00:00","breadcrumb":{"@id":"https:\/\/azu-uffenheim.de\/impressum\/#breadcrumb"},"inLanguage":"fr-FR","potentialAction":[{"@type":"ReadAction","target":["https:\/\/azu-uffenheim.de\/impressum\/"]}]},{"@type":"BreadcrumbList","@id":"https:\/\/azu-uffenheim.de\/impressum\/#breadcrumb","itemListElement":[{"@type":"ListItem","position":1,"name":"\u0413\u043b\u0430\u0432\u043d\u0430\u044f \u0441\u0442\u0440\u0430\u043d\u0438\u0446\u0430","item":"https:\/\/azu-uffenheim.de\/fr\/"},{"@type":"ListItem","position":2,"name":"Impressum"}]},{"@type":"WebSite","@id":"https:\/\/azu-uffenheim.de\/#website","url":"https:\/\/azu-uffenheim.de\/","name":"azu-uffenheim.de","description":"IHR MEDIZINISCHES  VERSORGUNGSZENTRUM IN UFFENHEIM","publisher":{"@id":"https:\/\/azu-uffenheim.de\/#organization"},"potentialAction":[{"@type":"SearchAction","target":{"@type":"EntryPoint","urlTemplate":"https:\/\/azu-uffenheim.de\/?s={search_term_string}"},"query-input":{"@type":"PropertyValueSpecification","valueRequired":true,"valueName":"search_term_string"}}],"inLanguage":"fr-FR"},{"@type":"Organization","@id":"https:\/\/azu-uffenheim.de\/#organization","name":"ZU \u00c4RZTEZENTRUM UFFENHEIM","url":"https:\/\/azu-uffenheim.de\/","logo":{"@type":"ImageObject","inLanguage":"fr-FR","@id":"https:\/\/azu-uffenheim.de\/#\/schema\/logo\/image\/","url":"https:\/\/azu-uffenheim.de\/wp-content\/uploads\/2024\/12\/AZU_Logo_Farbig.png","contentUrl":"https:\/\/azu-uffenheim.de\/wp-content\/uploads\/2024\/12\/AZU_Logo_Farbig.png","width":3143,"height":532,"caption":"ZU \u00c4RZTEZENTRUM UFFENHEIM"},"image":{"@id":"https:\/\/azu-uffenheim.de\/#\/schema\/logo\/image\/"}}]}},"_links":{"self":[{"href":"https:\/\/azu-uffenheim.de\/fr\/wp-json\/wp\/v2\/pages\/1011","targetHints":{"allow":["GET"]}}],"collection":[{"href":"https:\/\/azu-uffenheim.de\/fr\/wp-json\/wp\/v2\/pages"}],"about":[{"href":"https:\/\/azu-uffenheim.de\/fr\/wp-json\/wp\/v2\/types\/page"}],"author":[{"embeddable":true,"href":"https:\/\/azu-uffenheim.de\/fr\/wp-json\/wp\/v2\/users\/1"}],"replies":[{"embeddable":true,"href":"https:\/\/azu-uffenheim.de\/fr\/wp-json\/wp\/v2\/comments?post=1011"}],"version-history":[{"count":0,"href":"https:\/\/azu-uffenheim.de\/fr\/wp-json\/wp\/v2\/pages\/1011\/revisions"}],"wp:attachment":[{"href":"https:\/\/azu-uffenheim.de\/fr\/wp-json\/wp\/v2\/media?parent=1011"}],"curies":[{"name":"wp","href":"https:\/\/api.w.org\/{rel}","templated":true}]}}